{"id":27,"date":"2015-11-01T16:44:24","date_gmt":"2015-11-01T15:44:24","guid":{"rendered":"http:\/\/www2.transportunternehmen-lehmann.de\/wp\/?page_id=27"},"modified":"2022-02-12T18:13:00","modified_gmt":"2022-02-12T17:13:00","slug":"home","status":"publish","type":"page","link":"https:\/\/www.transportunternehmen-lehmann.de\/wp\/","title":{"rendered":"home"},"content":{"rendered":"<h2 style=\"text-align: center;\">Fa. Lehmann GmbH | Transport &#8211; Dienstleistung &#8211; Handel<\/h2>\n<p style=\"text-align: center;\">Mit der Fa. Lehmann GmbH haben Sie einen professionellen Partner an Ihrer Seite, der daf\u00fcr sorgt, dass Ihre Sachen fachgerecht transportiert werden. Was immer Sie auch zu transportieren haben, mit uns k\u00f6nnen Sie sicher sein, dass alles rechtzeitig und sicher an seinen Bestimmungsort gelangt.<br \/>\nIn unserem Fuhrpark stehen Fahrzeuge unterschiedlicher Gr\u00f6\u00dfe bereit und wir erweitern unseren Service st\u00e4ndig, um unsere Leistungen den Bed\u00fcrfnissen unserer Kunden anzupassen.<\/p>\n<hr \/>\n<h3 style=\"text-align: left;\">SZ:: Neues Leben am totem Gleis<\/h3>\n<p><img decoding=\"async\" loading=\"lazy\" class=\"alignleft wp-image-401 \" src=\"http:\/\/www.transportunternehmen-lehmann.de\/wp\/wp-content\/uploads\/2015\/11\/2016-10-21-Lehmann_Stefan_Rodewitz.jpg\" alt=\"2016-10-21-lehmann_stefan_rodewitz\" width=\"119\" height=\"125\" srcset=\"https:\/\/www.transportunternehmen-lehmann.de\/wp\/wp-content\/uploads\/2015\/11\/2016-10-21-Lehmann_Stefan_Rodewitz.jpg 486w, https:\/\/www.transportunternehmen-lehmann.de\/wp\/wp-content\/uploads\/2015\/11\/2016-10-21-Lehmann_Stefan_Rodewitz-285x300.jpg 285w\" sizes=\"(max-width: 119px) 100vw, 119px\" \/><\/p>\n<p>Gro\u00dfpostwitz:<br \/>\nStefan Lehman investiert auf dem ehemaligen G\u00fcterbahnhof. Das kommt auch den Fahrern seiner Spedition zugute.<\/p>\n<p>Z\u00fcge halten hier schon lange keine mehr, das Anschlussgleis ist abgebaut. Trotzdem tut sich was auf dem ehemaligen G\u00fcterbahnhof in Gro\u00dfpostwitz. Bereits im Fr\u00fchjahr wurde ein gro\u00dfes Geb\u00e4ude abgerissen. Das nutzen fr\u00fcher verschiedene Firmen, um Waren umzuschlagen. Es stand sogar unter Denkmalschutz, war aber zuletzt sehr marode, sodass der Abriss schlie\u00dflich genehmigt wurde. An seiner Stelle steht nun ein viel &#8230; <a href=\"http:\/\/www.transportunternehmen-lehmann.de\/wp\/wp-content\/uploads\/2016\/11\/2016-10-21_SZ_BAU.pdf\" target=\"_blank\" rel=\"noopener noreferrer\">[\u00bb weiter]<\/a><\/p>\n<p><img decoding=\"async\" loading=\"lazy\" class=\"wp-image-416 alignleft\" src=\"http:\/\/www.transportunternehmen-lehmann.de\/wp\/wp-content\/uploads\/2016\/11\/Leader_07_13_jpg.jpg\" alt=\"leader_07_13_jpg\" width=\"79\" height=\"79\" srcset=\"https:\/\/www.transportunternehmen-lehmann.de\/wp\/wp-content\/uploads\/2016\/11\/Leader_07_13_jpg.jpg 1007w, https:\/\/www.transportunternehmen-lehmann.de\/wp\/wp-content\/uploads\/2016\/11\/Leader_07_13_jpg-150x150.jpg 150w, https:\/\/www.transportunternehmen-lehmann.de\/wp\/wp-content\/uploads\/2016\/11\/Leader_07_13_jpg-298x300.jpg 298w, https:\/\/www.transportunternehmen-lehmann.de\/wp\/wp-content\/uploads\/2016\/11\/Leader_07_13_jpg-768x773.jpg 768w\" sizes=\"(max-width: 79px) 100vw, 79px\" \/><\/p>\n<p><img decoding=\"async\" loading=\"lazy\" class=\"wp-image-417 alignright\" src=\"http:\/\/www.transportunternehmen-lehmann.de\/wp\/wp-content\/uploads\/2016\/11\/SMUL_LO_EPLR-RGB-RZ-gross.jpg\" alt=\"smul_lo_eplr-rgb-rz-gross\" width=\"333\" height=\"75\" srcset=\"https:\/\/www.transportunternehmen-lehmann.de\/wp\/wp-content\/uploads\/2016\/11\/SMUL_LO_EPLR-RGB-RZ-gross.jpg 2101w, https:\/\/www.transportunternehmen-lehmann.de\/wp\/wp-content\/uploads\/2016\/11\/SMUL_LO_EPLR-RGB-RZ-gross-300x67.jpg 300w, https:\/\/www.transportunternehmen-lehmann.de\/wp\/wp-content\/uploads\/2016\/11\/SMUL_LO_EPLR-RGB-RZ-gross-768x173.jpg 768w, https:\/\/www.transportunternehmen-lehmann.de\/wp\/wp-content\/uploads\/2016\/11\/SMUL_LO_EPLR-RGB-RZ-gross-1024x230.jpg 1024w\" sizes=\"(max-width: 333px) 100vw, 333px\" \/><\/p>\n<p>Der Abriss des B\u00fcrogeb\u00e4udes und des G\u00fcterschuppens n\u00f6rdlich auf dem G\u00fcterbahnhof in Gro\u00dfpostwitz wurde nach der Richtline des S\u00e4chsichen Staatsministeriums f\u00fcr Umwelt und Landwirtschaft zur Umsetzung von <a href=\"https:\/\/www.smul.sachsen.de\/foerderung\/3663.htm\" target=\"_blank\" rel=\"noopener noreferrer\">LEADER-Entwicklungsstrategien (RL LEADER\/2014)<\/a> im Rahmen der Integrierten L\u00e4ndlichen Entwicklung gef\u00f6rdert.<\/p>\n","protected":false},"excerpt":{"rendered":"<p>Fa. Lehmann GmbH | Transport &#8211; Dienstleistung &#8211; Handel Mit der Fa. Lehmann GmbH haben Sie einen professionellen Partner an Ihrer Seite, der daf\u00fcr sorgt, dass Ihre Sachen fachgerecht transportiert werden. Was immer Sie auch zu transportieren haben, mit uns k\u00f6nnen Sie sicher sein, dass alles rechtzeitig und sicher an seinen Bestimmungsort gelangt. In unserem [&hellip;]<\/p>\n","protected":false},"author":1,"featured_media":0,"parent":0,"menu_order":0,"comment_status":"closed","ping_status":"closed","template":"","meta":[],"aioseo_notices":[],"_links":{"self":[{"href":"https:\/\/www.transportunternehmen-lehmann.de\/wp\/wp-json\/wp\/v2\/pages\/27"}],"collection":[{"href":"https:\/\/www.transportunternehmen-lehmann.de\/wp\/wp-json\/wp\/v2\/pages"}],"about":[{"href":"https:\/\/www.transportunternehmen-lehmann.de\/wp\/wp-json\/wp\/v2\/types\/page"}],"author":[{"embeddable":true,"href":"https:\/\/www.transportunternehmen-lehmann.de\/wp\/wp-json\/wp\/v2\/users\/1"}],"replies":[{"embeddable":true,"href":"https:\/\/www.transportunternehmen-lehmann.de\/wp\/wp-json\/wp\/v2\/comments?post=27"}],"version-history":[{"count":26,"href":"https:\/\/www.transportunternehmen-lehmann.de\/wp\/wp-json\/wp\/v2\/pages\/27\/revisions"}],"predecessor-version":[{"id":506,"href":"https:\/\/www.transportunternehmen-lehmann.de\/wp\/wp-json\/wp\/v2\/pages\/27\/revisions\/506"}],"wp:attachment":[{"href":"https:\/\/www.transportunternehmen-lehmann.de\/wp\/wp-json\/wp\/v2\/media?parent=27"}],"curies":[{"name":"wp","href":"https:\/\/api.w.org\/{rel}","templated":true}]}}